{"id":17410,"date":"2019-03-25T17:27:19","date_gmt":"2019-03-25T17:27:19","guid":{"rendered":"http:\/\/rurallascolonias.com.ar\/wp-content\/uploads\/2019\/03\/pol\u00edtica-agr\u00edcola.jpg"},"modified":"2019-03-25T17:27:19","modified_gmt":"2019-03-25T17:27:19","slug":"politica-agricola","status":"inherit","type":"attachment","link":"http:\/\/rurallascolonias.com.ar\/?attachment_id=17410","title":{"rendered":"pol\u00edtica agr\u00edcola"},"author":5,"comment_status":"open","ping_status":"closed","template":"","meta":[],"description":{"rendered":"<p class=\"attachment\"><a href='http:\/\/rurallascolonias.com.ar\/wp-content\/uploads\/2019\/03\/pol\u00edtica-agr\u00edcola.jpg'><img width=\"280\" height=\"180\" src=\"http:\/\/rurallascolonias.com.ar\/wp-content\/uploads\/2019\/03\/pol\u00edtica-agr\u00edcola.jpg\" class=\"attachment-medium size-medium\" alt=\"\" loading=\"lazy\" \/><\/a><\/p>\n"},"caption":{"rendered":""},"alt_text":"","media_type":"image","mime_type":"image\/jpeg","media_details":{"width":280,"height":180,"file":"2019\/03\/pol\u00edtica-agr\u00edcola.jpg","sizes":{"thumbnail":{"file":"pol\u00edtica-agr\u00edcola-150x150.jpg","width":150,"height":150,"mime_type":"image\/jpeg","source_url":"http:\/\/rurallascolonias.com.ar\/wp-content\/uploads\/2019\/03\/pol\u00edtica-agr\u00edcola-150x150.jpg"},"full":{"file":"pol\u00edtica-agr\u00edcola.jpg","width":280,"height":180,"mime_type":"image\/jpeg","source_url":"http:\/\/rurallascolonias.com.ar\/wp-content\/uploads\/2019\/03\/pol\u00edtica-agr\u00edcola.jpg"}},"image_meta":{"aperture":"0","credit":"","camera":"","caption":"","created_timestamp":"0","copyright":"","focal_length":"0","iso":"0","shutter_speed":"0","title":"","orientation":"0","keywords":[]}},"post":17409,"source_url":"http:\/\/rurallascolonias.com.ar\/wp-content\/uploads\/2019\/03\/pol\u00edtica-agr\u00edcola.jpg","_links":{"self":[{"href":"http:\/\/rurallascolonias.com.ar\/index.php?rest_route=\/wp\/v2\/media\/17410"}],"collection":[{"href":"http:\/\/rurallascolonias.com.ar\/index.php?rest_route=\/wp\/v2\/media"}],"about":[{"href":"http:\/\/rurallascolonias.com.ar\/index.php?rest_route=\/wp\/v2\/types\/attachment"}],"author":[{"embeddable":true,"href":"http:\/\/rurallascolonias.com.ar\/index.php?rest_route=\/wp\/v2\/users\/5"}],"replies":[{"embeddable":true,"href":"http:\/\/rurallascolonias.com.ar\/index.php?rest_route=%2Fwp%2Fv2%2Fcomments&post=17410"}]}}